{"id":154,"date":"2016-10-25T11:12:54","date_gmt":"2016-10-25T11:12:54","guid":{"rendered":"https:\/\/hroptimum.hu\/?page_id=154"},"modified":"2016-10-25T11:33:56","modified_gmt":"2016-10-25T11:33:56","slug":"szolgaltatasaink","status":"publish","type":"page","link":"https:\/\/hroptimum.hu\/index.php\/szolgaltatasaink\/","title":{"rendered":"Szolg\u00e1ltat\u00e1saink"},"content":{"rendered":"<h4 style=\"text-align: justify;\">N\u00e9h\u00e1ny p\u00e9ld\u00e1val szeretn\u00e9nk bemutatni HR oszt\u00e1lyunk m\u0171k\u00f6d\u00e9s\u00e9t \u00e9s szolg\u00e1ltat\u00e1sait \u00fcgyfeleink sz\u00e1m\u00e1ra<\/h4>\n<ul style=\"text-align: justify;\">\n<li>Megl\u00e9v\u0151 HR feladatok \u00e9s folyamatok ki\u00e9rt\u00e9kel\u00e9se.<\/li>\n<li>Emberi kapcsolatok \u00e9s ir\u00e1nyelvek, bele\u00e9rtve a coaching \u00e9s tr\u00e9ning ter\u00fcleteit.<\/li>\n<li>Munkaer\u0151-toborz\u00e1s koordin\u00e1l\u00e1sa, munkak\u00f6ri le\u00edr\u00e1sok elemz\u00e9se, munkak\u00f6zvet\u00edt\u00e9s, interj\u00faztat\u00e1s \u00e9s kiv\u00e1laszt\u00e1si folyamat menedzsel\u00e9se.<\/li>\n<li>\u00daj alkalmazottak teljes k\u00f6r\u0171 t\u00e1j\u00e9koztat\u00e1sa.<\/li>\n<li>Munkav\u00e1llal\u00f3i nyilv\u00e1ntart\u00e1s rendez\u00e9se.<\/li>\n<li>Munkak\u00f6ri le\u00edr\u00e1sok.<\/li>\n<li>A munkav\u00e1llal\u00f3i juttat\u00e1sok adminisztr\u00e1ci\u00f3ja.<\/li>\n<li>Foglalkoztat\u00e1s \u00e9s munkajog.<\/li>\n<li>A teljes\u00edtm\u00e9ny-menedzsment folyamatok fejleszt\u00e9se \u00e9s koordin\u00e1ci\u00f3ja.<\/li>\n<li>Piaci kompenz\u00e1ci\u00f3 fejl\u0151d\u00e9s\u00e9nek tervezete.<\/li>\n<\/ul>\n<p style=\"text-align: justify;\">HR oszt\u00e1lyunk ezt a sok szolg\u00e1ltat\u00e1st egy\u00e9nileg az \u00d6n c\u00e9g\u00e9re tudja szabni, hogy k\u00e9nyelmesen illeszkedjen minden egyes \u00fcgyf\u00e9lre az aj\u00e1nlatunk. Minden \u00fczletnek olyan HR szolg\u00e1ltat\u00e1sokat biztos\u00edtunk, amellyel saj\u00e1t HR oszt\u00e1lyra tesznek szert, m\u00e9gsem kell fenntartani egy saj\u00e1t HR szem\u00e9lyzetet.<\/p>\n","protected":false},"excerpt":{"rendered":"<p>N\u00e9h\u00e1ny p\u00e9ld\u00e1val szeretn\u00e9nk bemutatni HR oszt\u00e1lyunk m\u0171k\u00f6d\u00e9s\u00e9t \u00e9s szolg\u00e1ltat\u00e1sait \u00fcgyfeleink sz\u00e1m\u00e1ra Megl\u00e9v\u0151 HR feladatok \u00e9s folyamatok ki\u00e9rt\u00e9kel\u00e9se. Emberi kapcsolatok \u00e9s ir\u00e1nyelvek, bele\u00e9rtve a coaching \u00e9s tr\u00e9ning ter\u00fcleteit. Munkaer\u0151-toborz\u00e1s koordin\u00e1l\u00e1sa, munkak\u00f6ri le\u00edr\u00e1sok elemz\u00e9se, munkak\u00f6zvet\u00edt\u00e9s, interj\u00faztat\u00e1s \u00e9s kiv\u00e1laszt\u00e1si folyamat menedzsel\u00e9se. \u00daj alkalmazottak teljes k\u00f6r\u0171 t\u00e1j\u00e9koztat\u00e1sa. Munkav\u00e1llal\u00f3i nyilv\u00e1ntart\u00e1s rendez\u00e9se. Munkak\u00f6ri le\u00edr\u00e1sok. A munkav\u00e1llal\u00f3i juttat\u00e1sok adminisztr\u00e1ci\u00f3ja. Foglalkoztat\u00e1s \u00e9s munkajog. [&hellip;]<\/p>\n","protected":false},"author":2,"featured_media":161,"parent":0,"menu_order":0,"comment_status":"closed","ping_status":"closed","template":"","meta":{"_et_pb_use_builder":"","_et_pb_old_content":"","_et_gb_content_width":"","footnotes":""},"class_list":["post-154","page","type-page","status-publish","has-post-thumbnail","hentry"],"aioseo_notices":[],"_links":{"self":[{"href":"https:\/\/hroptimum.hu\/index.php\/wp-json\/wp\/v2\/pages\/154","targetHints":{"allow":["GET"]}}],"collection":[{"href":"https:\/\/hroptimum.hu\/index.php\/wp-json\/wp\/v2\/pages"}],"about":[{"href":"https:\/\/hroptimum.hu\/index.php\/wp-json\/wp\/v2\/types\/page"}],"author":[{"embeddable":true,"href":"https:\/\/hroptimum.hu\/index.php\/wp-json\/wp\/v2\/users\/2"}],"replies":[{"embeddable":true,"href":"https:\/\/hroptimum.hu\/index.php\/wp-json\/wp\/v2\/comments?post=154"}],"version-history":[{"count":4,"href":"https:\/\/hroptimum.hu\/index.php\/wp-json\/wp\/v2\/pages\/154\/revisions"}],"predecessor-version":[{"id":182,"href":"https:\/\/hroptimum.hu\/index.php\/wp-json\/wp\/v2\/pages\/154\/revisions\/182"}],"wp:featuredmedia":[{"embeddable":true,"href":"https:\/\/hroptimum.hu\/index.php\/wp-json\/wp\/v2\/media\/161"}],"wp:attachment":[{"href":"https:\/\/hroptimum.hu\/index.php\/wp-json\/wp\/v2\/media?parent=154"}],"curies":[{"name":"wp","href":"https:\/\/api.w.org\/{rel}","templated":true}]}}